{"id":1613,"date":"2024-08-05T17:20:03","date_gmt":"2024-08-05T15:20:03","guid":{"rendered":"https:\/\/www.camping-frechealane.com\/?post_type=alentours&#038;p=1613"},"modified":"2024-09-16T10:32:57","modified_gmt":"2024-09-16T08:32:57","slug":"le-cap-derquy","status":"publish","type":"alentours","link":"https:\/\/www.camping-frechealane.com\/de\/alentours\/le-cap-derquy\/","title":{"rendered":"Cap d&#8217;Erquy"},"content":{"rendered":"<div class=\"columns sec-10 sec-10-c\" style=\"align-items:center;\"><div class=\"columns__item texte\" style=\"align-self:center;flex-basis:40.5%;\"><h1 class=\"h2\">Cap d&#8217;Erquy<\/h1><p  style=\"\"  >Ungew\u00f6hnlicher Ort, authentische Natur, rosa Sandsteinklippen, Kiefernw\u00e4lder, D\u00fcnen, wilde Str\u00e4nde, smaragdgr\u00fcnes Wasser&#8230; Ein geschichtstr\u00e4chtiger Ort: Kugelofen, Wachhaus, alte Steinbr\u00fcche, Z\u00f6llnerpfad&#8230; Die lokalen Gesteine sind das Ergebnis der \u00dcberlagerung von Sandschichten, die 470 Millionen Jahre alt sind.<\/p><p  style=\"\"  >Mit Freunden, der Familie, jederzeit und \u00fcberall, Erquy hat seine Reize.\nErquy ist der gr\u00f6\u00dfte Fischereihafen f\u00fcr Muscheln und Jakobsmuscheln und lebt im Rhythmus der Gezeiten.\nVon November bis M\u00e4rz k\u00f6nnen Sie die Fischer dabei beobachten, wie sie die S\u00e4cke mit Jakobsmuscheln f\u00fcr die Versteigerung auf dem Parkplatz neben der Slipanlage entladen.\nDies ist auch der Ausgangspunkt f\u00fcr Ausfl\u00fcge auf dem Meer und f\u00fcr die Vedettes de Br\u00e9hat.\nDie Jakobsmuscheln der C\u00f4tes d&#8217;Armor werden jedes Jahr abwechselnd in einem der drei H\u00e4fen gefeiert: Loguivy, Saint-Quay Portrieux und Erquy.    <\/p><div class=\"fc-lireplus fc-desk\"style=\"\"><p  style=\"\"  >Lesen Sie mehr  <span class=\"fc-icon\"><svg xmlns=\"http:\/\/www.w3.org\/2000\/svg\"  viewBox=\"0 0 320 512\" width=\"16px\" height=\"16px\"><!--! Font Awesome Pro 6.4.2 by @fontawesome - https:\/\/fontawesome.com License - https:\/\/fontawesome.com\/license (Commercial License) Copyright 2023 Fonticons, Inc.--><path d=\"M301.7 250.3c3.1 3.1 3.1 8.2 0 11.3l-216 216c-3.1 3.1-8.2 3.1-11.3 0s-3.1-8.2 0-11.3L284.7 256 74.3 45.7c-3.1-3.1-3.1-8.2 0-11.3s8.2-3.1 11.3 0l216 216z\"\/><\/svg><\/span><\/p><div class=\"group\"><p  style=\"\"  >In Erquy muss man mit den Gezeiten leben.\nKajak, Segeln, Windsurfen, Stand up paddle bei Flut und Strandsegeln bei Ebbe &#8211; hier findet jeder sein Gl\u00fcck.\nEs gibt 10 Str\u00e4nde mit feinem Sand f\u00fcr diejenigen, die die Gischt einatmen und sich in aller Ruhe sonnen m\u00f6chten.\nJeder der Str\u00e4nde von Erquy hat seinen eigenen Charakter.\nDie Landschaft ist himmlisch zwischen Felsen und Pinienw\u00e4ldern, umgeben von Torfmooren mit bl\u00fchendem Ginster und Heidekraut.\nDer Strand Saint-Michel ist ebenfalls einen Besuch wert.\nAlle diese unglaublichen Orte sind leicht zu erreichen.      <\/p><\/div><\/div><div class=\"fc-boutons\"><a href=\"https:\/\/www.capderquy-valandre.com\/decouvrir\/les-sites-incontournables\/espaces-naturels\/cap-d-erquy\" rel=\"noreferrer noopener\" target=\"_blank\" class=\"boutons__btn\">Weitere Informationen  <span class=\"fc-icon\"><svg xmlns=\"http:\/\/www.w3.org\/2000\/svg\"  viewBox=\"0 0 448 512\" width=\"16px\" height=\"16px\"><!--! Font Awesome Pro 6.4.2 by @fontawesome - https:\/\/fontawesome.com License - https:\/\/fontawesome.com\/license (Commercial License) Copyright 2023 Fonticons, Inc.--><path d=\"M256 80c0-17.7-14.3-32-32-32s-32 14.3-32 32V224H48c-17.7 0-32 14.3-32 32s14.3 32 32 32H192V432c0 17.7 14.3 32 32 32s32-14.3 32-32V288H400c17.7 0 32-14.3 32-32s-14.3-32-32-32H256V80z\"\/><\/svg><\/span><\/a><\/div><\/div><div class=\"columns__item galerie  fade-right\" style=\"align-self:center;\"><div class=\"fc-galerie fc-auto col-2\"><figure class=\"fc-galerie__item\" ><picture><source srcset=\"https:\/\/www.camping-frechealane.com\/wp-content\/uploads\/2024\/08\/AdobeStock_869334625-420x280.webp\" media=\"(max-width: 210px)\"><source srcset=\"https:\/\/www.camping-frechealane.com\/wp-content\/uploads\/2024\/08\/AdobeStock_869334625-768x512.webp\" media=\"(max-width: 421px)\"><source srcset=\"https:\/\/www.camping-frechealane.com\/wp-content\/uploads\/2024\/08\/AdobeStock_869334625-1024x683.webp\" media=\"(max-width: 1024px)\"><source srcset=\"https:\/\/www.camping-frechealane.com\/wp-content\/uploads\/2024\/08\/AdobeStock_869334625.webp\" media=\"(min-width: 1025px)\"><img decoding=\"async\" width=\"420\" height=\"210\" src=\"https:\/\/www.camping-frechealane.com\/wp-content\/uploads\/2024\/08\/AdobeStock_869334625-210x210.webp\" alt=\"Campingplatz Le Fr\u00eache \u00e0 l&#039;\u00c2ne \" loading=\"lazy\" title=\"\"><\/picture><\/figure><figure class=\"fc-galerie__item\" ><picture><source srcset=\"https:\/\/www.camping-frechealane.com\/wp-content\/uploads\/2024\/08\/GR34-erquy-420x236.webp\" media=\"(max-width: 210px)\"><source srcset=\"https:\/\/www.camping-frechealane.com\/wp-content\/uploads\/2024\/08\/GR34-erquy-768x432.webp\" media=\"(max-width: 421px)\"><source srcset=\"https:\/\/www.camping-frechealane.com\/wp-content\/uploads\/2024\/08\/GR34-erquy-1024x576.webp\" media=\"(max-width: 1024px)\"><source srcset=\"https:\/\/www.camping-frechealane.com\/wp-content\/uploads\/2024\/08\/GR34-erquy.webp\" media=\"(min-width: 1025px)\"><img decoding=\"async\" width=\"420\" height=\"210\" src=\"https:\/\/www.camping-frechealane.com\/wp-content\/uploads\/2024\/08\/GR34-erquy-210x210.webp\" alt=\"Campingplatz Le Fr\u00eache \u00e0 l&#039;\u00c2ne \" loading=\"lazy\" title=\"\"><\/picture><\/figure><figure class=\"fc-galerie__item\" ><picture><source srcset=\"https:\/\/www.camping-frechealane.com\/wp-content\/uploads\/2024\/08\/plage-du-cap-d-erquy-420x280.webp\" media=\"(max-width: 210px)\"><source srcset=\"https:\/\/www.camping-frechealane.com\/wp-content\/uploads\/2024\/08\/plage-du-cap-d-erquy-768x512.webp\" media=\"(max-width: 421px)\"><source srcset=\"https:\/\/www.camping-frechealane.com\/wp-content\/uploads\/2024\/08\/plage-du-cap-d-erquy.webp\" media=\"(max-width: 1024px)\"><source srcset=\"https:\/\/www.camping-frechealane.com\/wp-content\/uploads\/2024\/08\/plage-du-cap-d-erquy.webp\" media=\"(min-width: 1025px)\"><img decoding=\"async\" width=\"420\" height=\"210\" src=\"https:\/\/www.camping-frechealane.com\/wp-content\/uploads\/2024\/08\/plage-du-cap-d-erquy-210x210.webp\" alt=\"Campingplatz Le Fr\u00eache \u00e0 l&#039;\u00c2ne \" loading=\"lazy\" title=\"\"><\/picture><\/figure><\/div><\/div><\/div>","protected":false},"menu_order":0,"template":"","meta":{"_acf_changed":false,"footnotes":""},"lieu":[35],"acf":[],"_links":{"self":[{"href":"https:\/\/www.camping-frechealane.com\/de\/wp-json\/wp\/v2\/alentours\/1613"}],"collection":[{"href":"https:\/\/www.camping-frechealane.com\/de\/wp-json\/wp\/v2\/alentours"}],"about":[{"href":"https:\/\/www.camping-frechealane.com\/de\/wp-json\/wp\/v2\/types\/alentours"}],"version-history":[{"count":2,"href":"https:\/\/www.camping-frechealane.com\/de\/wp-json\/wp\/v2\/alentours\/1613\/revisions"}],"predecessor-version":[{"id":1780,"href":"https:\/\/www.camping-frechealane.com\/de\/wp-json\/wp\/v2\/alentours\/1613\/revisions\/1780"}],"wp:attachment":[{"href":"https:\/\/www.camping-frechealane.com\/de\/wp-json\/wp\/v2\/media?parent=1613"}],"wp:term":[{"taxonomy":"lieu","embeddable":true,"href":"https:\/\/www.camping-frechealane.com\/de\/wp-json\/wp\/v2\/lieu?post=1613"}],"curies":[{"name":"wp","href":"https:\/\/api.w.org\/{rel}","templated":true}]}}